{"id":3445,"date":"2023-07-10T20:55:38","date_gmt":"2023-07-10T17:55:38","guid":{"rendered":"https:\/\/pdricma.com.tr\/?page_id=3445"},"modified":"2023-07-10T20:56:48","modified_gmt":"2023-07-10T17:56:48","slug":"funda-bener","status":"publish","type":"page","link":"https:\/\/pdricma.com.tr\/en\/funda-bener\/","title":{"rendered":"Funda Bener (PCC)"},"content":{"rendered":"\t\t<div data-elementor-type=\"wp-post\" data-elementor-id=\"3445\" class=\"elementor elementor-3445\">\n\t\t\t\t\t\t<section class=\"elementor-section elementor-top-section elementor-element elementor-element-ff60954 elementor-section-boxed elementor-section-height-default elementor-section-height-default\" data-id=\"ff60954\" data-element_type=\"section\" data-settings=\"{&quot;background_background&quot;:&quot;classic&quot;,&quot;ekit_has_onepagescroll_dot&quot;:&quot;yes&quot;}\">\n\t\t\t\t\t\t<div class=\"elementor-container elementor-column-gap-default\">\n\t\t\t\t\t<div class=\"elementor-column elementor-col-100 elementor-top-column elementor-element elementor-element-350388e\" data-id=\"350388e\" data-element_type=\"column\">\n\t\t\t<div class=\"elementor-widget-wrap elementor-element-populated\">\n\t\t\t\t\t\t<div class=\"elementor-element elementor-element-fa56586 elementor-widget elementor-widget-heading\" data-id=\"fa56586\" data-element_type=\"widget\" data-settings=\"{&quot;ekit_we_effect_on&quot;:&quot;none&quot;}\" data-widget_type=\"heading.default\">\n\t\t\t\t<div class=\"elementor-widget-container\">\n\t\t\t<style>\/*! elementor - v3.21.0 - 08-05-2024 *\/\n.elementor-heading-title{padding:0;margin:0;line-height:1}.elementor-widget-heading .elementor-heading-title[class*=elementor-size-]>a{color:inherit;font-size:inherit;line-height:inherit}.elementor-widget-heading .elementor-heading-title.elementor-size-small{font-size:15px}.elementor-widget-heading .elementor-heading-title.elementor-size-medium{font-size:19px}.elementor-widget-heading .elementor-heading-title.elementor-size-large{font-size:29px}.elementor-widget-heading .elementor-heading-title.elementor-size-xl{font-size:39px}.elementor-widget-heading .elementor-heading-title.elementor-size-xxl{font-size:59px}<\/style><h1 class=\"elementor-heading-title elementor-size-default\">Dan\u0131\u015fmanlar\u0131m\u0131z<\/h1>\t\t<\/div>\n\t\t\t\t<\/div>\n\t\t\t\t\t<\/div>\n\t\t<\/div>\n\t\t\t\t\t<\/div>\n\t\t<\/section>\n\t\t\t\t<section class=\"elementor-section elementor-top-section elementor-element elementor-element-76d4baf elementor-section-boxed elementor-section-height-default elementor-section-height-default\" data-id=\"76d4baf\" data-element_type=\"section\" data-settings=\"{&quot;ekit_has_onepagescroll_dot&quot;:&quot;yes&quot;}\">\n\t\t\t\t\t\t<div class=\"elementor-container elementor-column-gap-default\">\n\t\t\t\t\t<div class=\"elementor-column elementor-col-50 elementor-top-column elementor-element elementor-element-737a7af\" data-id=\"737a7af\" data-element_type=\"column\">\n\t\t\t<div class=\"elementor-widget-wrap elementor-element-populated\">\n\t\t\t\t\t\t<div class=\"elementor-element elementor-element-ebe9b9d elementor-widget elementor-widget-image\" data-id=\"ebe9b9d\" data-element_type=\"widget\" data-settings=\"{&quot;ekit_we_effect_on&quot;:&quot;none&quot;}\" data-widget_type=\"image.default\">\n\t\t\t\t<div class=\"elementor-widget-container\">\n\t\t\t<style>\/*! elementor - v3.21.0 - 08-05-2024 *\/\n.elementor-widget-image{text-align:center}.elementor-widget-image a{display:inline-block}.elementor-widget-image a img[src$=\".svg\"]{width:48px}.elementor-widget-image img{vertical-align:middle;display:inline-block}<\/style>\t\t\t\t\t\t\t\t\t\t<img fetchpriority=\"high\" decoding=\"async\" width=\"280\" height=\"300\" src=\"https:\/\/pdricma.com.tr\/wp-content\/uploads\/2023\/07\/3541-280x300.jpg\" class=\"attachment-medium size-medium wp-image-3202\" alt=\"\" srcset=\"https:\/\/pdricma.com.tr\/wp-content\/uploads\/2023\/07\/3541-280x300.jpg 280w, https:\/\/pdricma.com.tr\/wp-content\/uploads\/2023\/07\/3541-768x822.jpg 768w, https:\/\/pdricma.com.tr\/wp-content\/uploads\/2023\/07\/3541-514x550.jpg 514w, https:\/\/pdricma.com.tr\/wp-content\/uploads\/2023\/07\/3541-550x589.jpg 550w, https:\/\/pdricma.com.tr\/wp-content\/uploads\/2023\/07\/3541-467x500.jpg 467w, https:\/\/pdricma.com.tr\/wp-content\/uploads\/2023\/07\/3541.jpg 800w\" sizes=\"(max-width: 280px) 100vw, 280px\" \/>\t\t\t\t\t\t\t\t\t\t\t\t\t<\/div>\n\t\t\t\t<\/div>\n\t\t\t\t\t<\/div>\n\t\t<\/div>\n\t\t\t\t<div class=\"elementor-column elementor-col-50 elementor-top-column elementor-element elementor-element-068ca33\" data-id=\"068ca33\" data-element_type=\"column\">\n\t\t\t<div class=\"elementor-widget-wrap elementor-element-populated\">\n\t\t\t\t\t\t<div class=\"elementor-element elementor-element-3e79bba elementor-widget elementor-widget-jet-team-member\" data-id=\"3e79bba\" data-element_type=\"widget\" data-settings=\"{&quot;ekit_we_effect_on&quot;:&quot;none&quot;}\" data-widget_type=\"jet-team-member.default\">\n\t\t\t\t<div class=\"elementor-widget-container\">\n\t\t\t<div class=\"elementor-jet-team-member jet-elements\"><div class=\"jet-team-member\">\n\t<div class=\"jet-team-member__inner\">\n\t\t<div class=\"jet-team-member__image\">\n\t\t\t<div class=\"jet-team-member__cover\"><\/div>\n\t\t\t\t\t<\/div>\n\t\t<div class=\"jet-team-member__content\"><h3 class=\"jet-team-member__name\"><span class=\"jet-team-member__name-first\">Funda Bener<\/span><span class=\"jet-team-member__name-last\"> (PCC)<\/span><\/h3><div class=\"jet-team-member__position\"><span>PDRICMA Fak\u00fclte Lideri<\/span><\/div><div class=\"jet-team-member__socials\"><div class=\"jet-team-member__socials-item\"><a href=\"https:\/\/www.linkedin.com\/in\/funda-bener-96b23833\/\" aria-label=\"lindedin\"><div class=\"jet-team-member__socials-icon\"><div class=\"inner\"><span class=\"jet-elements-icon\"><i aria-hidden=\"true\" class=\"fab fa-linkedin\"><\/i><\/span><\/div><\/div><\/a><\/div><div class=\"jet-team-member__socials-item\"><a href=\"https:\/\/youtu.be\/ccmvdtUjvfo\" aria-label=\"youtube\"><div class=\"jet-team-member__socials-icon\"><div class=\"inner\"><span class=\"jet-elements-icon\"><i aria-hidden=\"true\" class=\"fab fa-youtube\"><\/i><\/span><\/div><\/div><\/a><\/div><\/div><\/div>\n\t<\/div>\n<\/div>\n<\/div>\t\t<\/div>\n\t\t\t\t<\/div>\n\t\t\t\t<div class=\"elementor-element elementor-element-4d94f6b elementor-widget elementor-widget-text-editor\" data-id=\"4d94f6b\" data-element_type=\"widget\" data-settings=\"{&quot;ekit_we_effect_on&quot;:&quot;none&quot;}\" data-widget_type=\"text-editor.default\">\n\t\t\t\t<div class=\"elementor-widget-container\">\n\t\t\t<style>\/*! elementor - v3.21.0 - 08-05-2024 *\/\n.elementor-widget-text-editor.elementor-drop-cap-view-stacked .elementor-drop-cap{background-color:#69727d;color:#fff}.elementor-widget-text-editor.elementor-drop-cap-view-framed .elementor-drop-cap{color:#69727d;border:3px solid;background-color:transparent}.elementor-widget-text-editor:not(.elementor-drop-cap-view-default) .elementor-drop-cap{margin-top:8px}.elementor-widget-text-editor:not(.elementor-drop-cap-view-default) .elementor-drop-cap-letter{width:1em;height:1em}.elementor-widget-text-editor .elementor-drop-cap{float:left;text-align:center;line-height:1;font-size:50px}.elementor-widget-text-editor .elementor-drop-cap-letter{display:inline-block}<\/style>\t\t\t\t<p>1987 y\u0131l\u0131 Bo\u011fazi\u00e7i \u00dcniversitesi \u0130\u015fletme b\u00f6l\u00fcm\u00fcnden mezun olan Funda \u00d6\u2024 Bener, 1988 -1991 y\u0131llar\u0131 aras\u0131nda Finansbank\u2019ta, 1991-1994 y\u0131llar\u0131 aras\u0131nda Credit Lyonnais, 1994-2001 y\u0131llar\u0131 aras\u0131nda da Osmanl\u0131 Bankas\u0131\u2019nda \u00e7al\u0131\u015fm\u0131\u015ft\u0131r.<\/p><p>2012-2016 y\u0131llar\u0131 aras\u0131nda Carrefoursa \u015firketinde E\u011fitim ve Geli\u015fim M\u00fcd\u00fcr\u00fc olarak \u00e7al\u0131\u015fm\u0131\u015f, Carrefoursa Akademi\u2019nin kurulu\u015funda yer alm\u0131\u015f ve akademinin i\u015fleyi\u015fini sa\u011flayan ekibe liderlik etmi\u015ftir. Akademinin ilk kurulu\u015f y\u0131l\u0131nda liderlik etti\u011fi ekip, TEGEP Liderlik Geli\u015fim \u00f6zel j\u00fcri \u00f6d\u00fcl\u00fc ve Brandon Hall \u201cbest video learning\u201d dal\u0131nda bronz madalya \u00f6d\u00fcl\u00fc alan projeler \u00fcretmi\u015ftir. 2006 y\u0131l\u0131nda Marmara \u00dcniversitesi \u0130\u015fletme-\u00d6rg\u00fctsel Davran\u0131\u015f b\u00f6l\u00fcm\u00fcnde Y\u00fcksek Lisans\u0131n\u0131 tamamlayan Bener, De\u011fi\u015fime Diren\u00e7\u2019te Etkin \u0130leti\u015fimin Rol\u00fc \u00fczerine bir ara\u015ft\u0131rma yapm\u0131\u015f, tezini T\u00fcrkiye\u2019deki liderlik stilleri \u00fczerine yazm\u0131\u015ft\u0131r. 2009 y\u0131l\u0131nda ko\u00e7luk e\u011fitimini tamamlayan Bener, PCC unvan\u0131 ile ICF akredite ko\u00e7u ve ICF \u00fcyesidir. Kurumlarda de\u011fi\u015fim s\u00fcre\u00e7lerinin kurgulanarak \u00e7al\u0131\u015fanlar\u0131n de\u011fi\u015fim ve geli\u015fimlerine e\u015flik eden geli\u015fim programlar\u0131 tasarlamaktad\u0131r. \u00d6\u011frenen organizasyonlar\u0131n temeli olan mentorluk sistemlerinin ve ko\u00e7luk k\u00fclt\u00fcr\u00fcne izin veren yap\u0131lar\u0131n kurulmas\u0131na dan\u0131\u015fmanl\u0131k yapmaktad\u0131r. 2019 y\u0131l\u0131nda online Coach Hub Certified Coach \u00fcnvan\u0131n\u0131 alm\u0131\u015ft\u0131r. 2020 y\u0131l\u0131ndan bu yana PDR E\u011fitim ve Geli\u015fim Dan\u0131\u015fman\u0131d\u0131r. Assessment Center ve Learning Center alanlar\u0131nda \u00e7al\u0131\u015fmalar\u0131 devam etmektedir. Neuroscience ve Liderlik \u00fczerine yap\u0131lan ara\u015ft\u0131rma ve \u00e7al\u0131\u015fmalar\u0131 takip ederek, uygulama ger\u00e7eklerini geli\u015fime ta\u015f\u0131yan ara\u00e7 ve y\u00f6ntemler kurgulamaya ve uygulamaya \u00e7al\u0131\u015fmaktad\u0131r. 2018 Y\u0131l\u0131nda, \u201c\u0130nsan\u0131n Anlam Aray\u0131\u015f\u0131na\u201d odaklanan Logoterapi e\u011fitimlerini ve s\u0131nav\u0131n\u0131 tamamlayarak Academic Associate in Viktor Frankl\u2019s Logoterapy \u00fcnvan\u0131n\u0131 alm\u0131\u015ft\u0131r. Bah\u00e7e\u015fehir \u00dcniversitesi Micro MBA program\u0131nda \u201cKo\u00e7luk Becerileri\u201d ve \u201cLiderler i\u00e7in Ko\u00e7vari Y\u00f6netim Becerileri\u201d e\u011fitimleri ve De\u011fi\u015fim Y\u00f6netimi e\u011fitimi vermektedir. Bo\u011fazi\u00e7i \u00dcniversitesi, Dar\u00fc\u015f\u015fafaka \u00f6\u011frencileri i\u00e7in mentorluk, Kagider i\u015f kad\u0131nlar\u0131 i\u00e7in ko\u00e7luk deste\u011fi gibi sosyal sorumluluk projelerine kat\u0131lm\u0131\u015ft\u0131r. ICF T\u00fcrkiye\u2019nin Bizbize Kad\u0131n Giri\u015fimciler ve T\u00fcrkiye Bili\u015fim Derne\u011fiyle y\u00fcr\u00fctt\u00fckleri i\u015f birliklerine g\u00f6n\u00fcll\u00fc ko\u00e7luk deste\u011fi vermektedir. Coach Hub\u2019\u0131n IOM (Uluslararas\u0131 G\u00f6\u00e7men Organizasyonu) ile yapt\u0131\u011f\u0131 anla\u015fma \u00e7er\u00e7evesinde iki kad\u0131n lidere g\u00f6n\u00fcll\u00fc ko\u00e7luk yapm\u0131\u015ft\u0131r. 2020 y\u0131l\u0131 eyl\u00fcl ay\u0131nda PDRICMA Fak\u00fclte Lideri olmu\u015ftur. BRM, B\u00fcmed \u00fcyesi olup Bo\u011fazi\u00e7i \u00dcniversitesi Kariyer Merkezinde mezun \u00f6\u011frencilerin kariyer planlama s\u00fcre\u00e7lerine mentor ko\u00e7luk yaparak g\u00f6n\u00fcll\u00fc destek vermeye devam etmektedir.<\/p><p>PCC &#8211; (2600 saat ko\u00e7luk deneyimi), Coach Hub Certified Coach, EMA- EMCC (uygulay\u0131c\u0131 mentor-ko\u00e7)<\/p><p>E\u011fitimler \/ G\u00f6n\u00fcll\u00fc Mentor Ko\u00e7luklar<\/p><p>Bah\u00e7e\u015fehir \u00dcniversitesi Micro MBA: \u201cKo\u00e7luk Becerileri\u201d ve \u201cLiderler i\u00e7in Ko\u00e7vari Y\u00f6netim Becerileri\u201d ve De\u011fi\u015fim Y\u00f6netimi<\/p><p>Bo\u011fazi\u00e7i \u00dcniversitesi, Dar\u00fc\u015f\u015fafaka Okul Destek Derne\u011fi Mentorluk (EMCC projesi): Mentorluk,<\/p><p>Kagider<\/p><p>ICF T\u00fcrkiye: Bizbize Kad\u0131n Giri\u015fimciler ve T\u00fcrkiye Bili\u015fim Derne\u011fi Coach Hub\u2019\u0131n IOM (Uluslararas\u0131 G\u00f6\u00e7men Organizasyonu)<\/p><p>Hayata Destek Vakf\u0131 ( Y\u00f6netim kademesine mentor ko\u00e7luk)<\/p>\t\t\t\t\t\t<\/div>\n\t\t\t\t<\/div>\n\t\t\t\t\t<\/div>\n\t\t<\/div>\n\t\t\t\t\t<\/div>\n\t\t<\/section>\n\t\t\t\t<\/div>\n\t\t","protected":false},"excerpt":{"rendered":"<p>Dan\u0131\u015fmanlar\u0131m\u0131z Funda Bener (PCC) PDRICMA Fak\u00fclte Lideri 1987 y\u0131l\u0131 Bo\u011fazi\u00e7i \u00dcniversitesi \u0130\u015fletme b\u00f6l\u00fcm\u00fcnden mezun olan Funda \u00d6\u2024 Bener, 1988 -1991 y\u0131llar\u0131 aras\u0131nda Finansbank\u2019ta, 1991-1994 y\u0131llar\u0131 aras\u0131nda Credit Lyonnais, 1994-2001 y\u0131llar\u0131 aras\u0131nda da Osmanl\u0131 Bankas\u0131\u2019nda \u00e7al\u0131\u015fm\u0131\u015ft\u0131r. 2012-2016 y\u0131llar\u0131 aras\u0131nda Carrefoursa \u015firketinde E\u011fitim ve Geli\u015fim M\u00fcd\u00fcr\u00fc olarak \u00e7al\u0131\u015fm\u0131\u015f, Carrefoursa Akademi\u2019nin kurulu\u015funda yer alm\u0131\u015f ve akademinin i\u015fleyi\u015fini sa\u011flayan ekibe liderlik etmi\u015ftir. Akademinin ilk kurulu\u015f y\u0131l\u0131nda liderlik etti\u011fi ekip,&#8230; <\/p>\n<p class=\"more\"><a class=\"more-link\" href=\"https:\/\/pdricma.com.tr\/en\/funda-bener\/\">Read More<\/a><\/p>","protected":false},"author":1,"featured_media":0,"parent":0,"menu_order":0,"comment_status":"closed","ping_status":"closed","template":"elementor_header_footer","meta":{"footnotes":""},"class_list":["post-3445","page","type-page","status-publish","hentry","is-cat-link-solid-light is-cat-link-rounded"],"yoast_head":"<!-- This site is optimized with the Yoast SEO Premium plugin v24.0 (Yoast SEO v26.9) - https:\/\/yoast.com\/product\/yoast-seo-premium-wordpress\/ -->\n<title>Funda Bener (PCC) - PDR International Coaching &amp; Mentoring Academy<\/title>\n<meta name=\"robots\" content=\"index, follow, max-snippet:-1, max-image-preview:large, max-video-preview:-1\" \/>\n<link rel=\"canonical\" href=\"https:\/\/pdricma.com.tr\/en\/funda-bener\/\" \/>\n<meta property=\"og:locale\" content=\"en_US\" \/>\n<meta property=\"og:type\" content=\"article\" \/>\n<meta property=\"og:title\" content=\"Funda Bener (PCC)\" \/>\n<meta property=\"og:description\" content=\"Dan\u0131\u015fmanlar\u0131m\u0131z Funda Bener (PCC) PDRICMA Fak\u00fclte Lideri 1987 y\u0131l\u0131 Bo\u011fazi\u00e7i \u00dcniversitesi \u0130\u015fletme b\u00f6l\u00fcm\u00fcnden mezun olan Funda \u00d6\u2024 Bener, 1988 -1991 y\u0131llar\u0131 aras\u0131nda Finansbank\u2019ta, 1991-1994 y\u0131llar\u0131 aras\u0131nda Credit Lyonnais, 1994-2001 y\u0131llar\u0131 aras\u0131nda da Osmanl\u0131 Bankas\u0131\u2019nda \u00e7al\u0131\u015fm\u0131\u015ft\u0131r. 2012-2016 y\u0131llar\u0131 aras\u0131nda Carrefoursa \u015firketinde E\u011fitim ve Geli\u015fim M\u00fcd\u00fcr\u00fc olarak \u00e7al\u0131\u015fm\u0131\u015f, Carrefoursa Akademi\u2019nin kurulu\u015funda yer alm\u0131\u015f ve akademinin i\u015fleyi\u015fini sa\u011flayan ekibe liderlik etmi\u015ftir. Akademinin ilk kurulu\u015f y\u0131l\u0131nda liderlik etti\u011fi ekip,... Read More\" \/>\n<meta property=\"og:url\" content=\"https:\/\/pdricma.com.tr\/en\/funda-bener\/\" \/>\n<meta property=\"og:site_name\" content=\"PDR International Coaching &amp; Mentoring Academy\" \/>\n<meta property=\"article:publisher\" content=\"https:\/\/www.facebook.com\/people\/PDR-ICMA\/100064844886292\/\" \/>\n<meta property=\"article:modified_time\" content=\"2023-07-10T17:56:48+00:00\" \/>\n<meta property=\"og:image\" content=\"https:\/\/pdricma.com.tr\/wp-content\/uploads\/2023\/07\/3541-280x300.jpg\" \/>\n<meta name=\"twitter:card\" content=\"summary_large_image\" \/>\n<meta name=\"twitter:label1\" content=\"Est. reading time\" \/>\n\t<meta name=\"twitter:data1\" content=\"3 minutes\" \/>\n<script type=\"application\/ld+json\" class=\"yoast-schema-graph\">{\"@context\":\"https:\/\/schema.org\",\"@graph\":[{\"@type\":\"WebPage\",\"@id\":\"https:\/\/pdricma.com.tr\/funda-bener\/\",\"url\":\"https:\/\/pdricma.com.tr\/funda-bener\/\",\"name\":\"Funda Bener (PCC) - PDR International Coaching &amp; Mentoring Academy\",\"isPartOf\":{\"@id\":\"https:\/\/pdricma.com.tr\/#website\"},\"primaryImageOfPage\":{\"@id\":\"https:\/\/pdricma.com.tr\/funda-bener\/#primaryimage\"},\"image\":{\"@id\":\"https:\/\/pdricma.com.tr\/funda-bener\/#primaryimage\"},\"thumbnailUrl\":\"https:\/\/pdricma.com.tr\/wp-content\/uploads\/2023\/07\/3541-280x300.jpg\",\"datePublished\":\"2023-07-10T17:55:38+00:00\",\"dateModified\":\"2023-07-10T17:56:48+00:00\",\"breadcrumb\":{\"@id\":\"https:\/\/pdricma.com.tr\/funda-bener\/#breadcrumb\"},\"inLanguage\":\"en-US\",\"potentialAction\":[{\"@type\":\"ReadAction\",\"target\":[\"https:\/\/pdricma.com.tr\/funda-bener\/\"]}]},{\"@type\":\"ImageObject\",\"inLanguage\":\"en-US\",\"@id\":\"https:\/\/pdricma.com.tr\/funda-bener\/#primaryimage\",\"url\":\"https:\/\/pdricma.com.tr\/wp-content\/uploads\/2023\/07\/3541-280x300.jpg\",\"contentUrl\":\"https:\/\/pdricma.com.tr\/wp-content\/uploads\/2023\/07\/3541-280x300.jpg\"},{\"@type\":\"BreadcrumbList\",\"@id\":\"https:\/\/pdricma.com.tr\/funda-bener\/#breadcrumb\",\"itemListElement\":[{\"@type\":\"ListItem\",\"position\":1,\"name\":\"Anasayfa\",\"item\":\"https:\/\/pdricma.com.tr\/\"},{\"@type\":\"ListItem\",\"position\":2,\"name\":\"Funda Bener (PCC)\"}]},{\"@type\":\"WebSite\",\"@id\":\"https:\/\/pdricma.com.tr\/#website\",\"url\":\"https:\/\/pdricma.com.tr\/\",\"name\":\"PDR International Coaching & Mentoring Academy\",\"description\":\"\",\"publisher\":{\"@id\":\"https:\/\/pdricma.com.tr\/#organization\"},\"potentialAction\":[{\"@type\":\"SearchAction\",\"target\":{\"@type\":\"EntryPoint\",\"urlTemplate\":\"https:\/\/pdricma.com.tr\/?s={search_term_string}\"},\"query-input\":{\"@type\":\"PropertyValueSpecification\",\"valueRequired\":true,\"valueName\":\"search_term_string\"}}],\"inLanguage\":\"en-US\"},{\"@type\":\"Organization\",\"@id\":\"https:\/\/pdricma.com.tr\/#organization\",\"name\":\"PDR International Coaching & Mentoring Academy\",\"url\":\"https:\/\/pdricma.com.tr\/\",\"logo\":{\"@type\":\"ImageObject\",\"inLanguage\":\"en-US\",\"@id\":\"https:\/\/pdricma.com.tr\/#\/schema\/logo\/image\/\",\"url\":\"https:\/\/pdricma.com.tr\/wp-content\/uploads\/2023\/07\/PDRCOACHINGLOGO-01-002-1.png\",\"contentUrl\":\"https:\/\/pdricma.com.tr\/wp-content\/uploads\/2023\/07\/PDRCOACHINGLOGO-01-002-1.png\",\"width\":2307,\"height\":785,\"caption\":\"PDR International Coaching & Mentoring Academy\"},\"image\":{\"@id\":\"https:\/\/pdricma.com.tr\/#\/schema\/logo\/image\/\"},\"sameAs\":[\"https:\/\/www.facebook.com\/people\/PDR-ICMA\/100064844886292\/\",\"https:\/\/www.instagram.com\/pdricma\/\"]}]}<\/script>\n<!-- \/ Yoast SEO Premium plugin. -->","yoast_head_json":{"title":"Funda Bener (PCC) - PDR International Coaching &amp; Mentoring Academy","robots":{"index":"index","follow":"follow","max-snippet":"max-snippet:-1","max-image-preview":"max-image-preview:large","max-video-preview":"max-video-preview:-1"},"canonical":"https:\/\/pdricma.com.tr\/en\/funda-bener\/","og_locale":"en_US","og_type":"article","og_title":"Funda Bener (PCC)","og_description":"Dan\u0131\u015fmanlar\u0131m\u0131z Funda Bener (PCC) PDRICMA Fak\u00fclte Lideri 1987 y\u0131l\u0131 Bo\u011fazi\u00e7i \u00dcniversitesi \u0130\u015fletme b\u00f6l\u00fcm\u00fcnden mezun olan Funda \u00d6\u2024 Bener, 1988 -1991 y\u0131llar\u0131 aras\u0131nda Finansbank\u2019ta, 1991-1994 y\u0131llar\u0131 aras\u0131nda Credit Lyonnais, 1994-2001 y\u0131llar\u0131 aras\u0131nda da Osmanl\u0131 Bankas\u0131\u2019nda \u00e7al\u0131\u015fm\u0131\u015ft\u0131r. 2012-2016 y\u0131llar\u0131 aras\u0131nda Carrefoursa \u015firketinde E\u011fitim ve Geli\u015fim M\u00fcd\u00fcr\u00fc olarak \u00e7al\u0131\u015fm\u0131\u015f, Carrefoursa Akademi\u2019nin kurulu\u015funda yer alm\u0131\u015f ve akademinin i\u015fleyi\u015fini sa\u011flayan ekibe liderlik etmi\u015ftir. Akademinin ilk kurulu\u015f y\u0131l\u0131nda liderlik etti\u011fi ekip,... Read More","og_url":"https:\/\/pdricma.com.tr\/en\/funda-bener\/","og_site_name":"PDR International Coaching &amp; Mentoring Academy","article_publisher":"https:\/\/www.facebook.com\/people\/PDR-ICMA\/100064844886292\/","article_modified_time":"2023-07-10T17:56:48+00:00","og_image":[{"url":"https:\/\/pdricma.com.tr\/wp-content\/uploads\/2023\/07\/3541-280x300.jpg","type":"","width":"","height":""}],"twitter_card":"summary_large_image","twitter_misc":{"Est. reading time":"3 minutes"},"schema":{"@context":"https:\/\/schema.org","@graph":[{"@type":"WebPage","@id":"https:\/\/pdricma.com.tr\/funda-bener\/","url":"https:\/\/pdricma.com.tr\/funda-bener\/","name":"Funda Bener (PCC) - PDR International Coaching &amp; Mentoring Academy","isPartOf":{"@id":"https:\/\/pdricma.com.tr\/#website"},"primaryImageOfPage":{"@id":"https:\/\/pdricma.com.tr\/funda-bener\/#primaryimage"},"image":{"@id":"https:\/\/pdricma.com.tr\/funda-bener\/#primaryimage"},"thumbnailUrl":"https:\/\/pdricma.com.tr\/wp-content\/uploads\/2023\/07\/3541-280x300.jpg","datePublished":"2023-07-10T17:55:38+00:00","dateModified":"2023-07-10T17:56:48+00:00","breadcrumb":{"@id":"https:\/\/pdricma.com.tr\/funda-bener\/#breadcrumb"},"inLanguage":"en-US","potentialAction":[{"@type":"ReadAction","target":["https:\/\/pdricma.com.tr\/funda-bener\/"]}]},{"@type":"ImageObject","inLanguage":"en-US","@id":"https:\/\/pdricma.com.tr\/funda-bener\/#primaryimage","url":"https:\/\/pdricma.com.tr\/wp-content\/uploads\/2023\/07\/3541-280x300.jpg","contentUrl":"https:\/\/pdricma.com.tr\/wp-content\/uploads\/2023\/07\/3541-280x300.jpg"},{"@type":"BreadcrumbList","@id":"https:\/\/pdricma.com.tr\/funda-bener\/#breadcrumb","itemListElement":[{"@type":"ListItem","position":1,"name":"Anasayfa","item":"https:\/\/pdricma.com.tr\/"},{"@type":"ListItem","position":2,"name":"Funda Bener (PCC)"}]},{"@type":"WebSite","@id":"https:\/\/pdricma.com.tr\/#website","url":"https:\/\/pdricma.com.tr\/","name":"PDR International Coaching & Mentoring Academy","description":"","publisher":{"@id":"https:\/\/pdricma.com.tr\/#organization"},"potentialAction":[{"@type":"SearchAction","target":{"@type":"EntryPoint","urlTemplate":"https:\/\/pdricma.com.tr\/?s={search_term_string}"},"query-input":{"@type":"PropertyValueSpecification","valueRequired":true,"valueName":"search_term_string"}}],"inLanguage":"en-US"},{"@type":"Organization","@id":"https:\/\/pdricma.com.tr\/#organization","name":"PDR International Coaching & Mentoring Academy","url":"https:\/\/pdricma.com.tr\/","logo":{"@type":"ImageObject","inLanguage":"en-US","@id":"https:\/\/pdricma.com.tr\/#\/schema\/logo\/image\/","url":"https:\/\/pdricma.com.tr\/wp-content\/uploads\/2023\/07\/PDRCOACHINGLOGO-01-002-1.png","contentUrl":"https:\/\/pdricma.com.tr\/wp-content\/uploads\/2023\/07\/PDRCOACHINGLOGO-01-002-1.png","width":2307,"height":785,"caption":"PDR International Coaching & Mentoring Academy"},"image":{"@id":"https:\/\/pdricma.com.tr\/#\/schema\/logo\/image\/"},"sameAs":["https:\/\/www.facebook.com\/people\/PDR-ICMA\/100064844886292\/","https:\/\/www.instagram.com\/pdricma\/"]}]}},"_links":{"self":[{"href":"https:\/\/pdricma.com.tr\/en\/wp-json\/wp\/v2\/pages\/3445","targetHints":{"allow":["GET"]}}],"collection":[{"href":"https:\/\/pdricma.com.tr\/en\/wp-json\/wp\/v2\/pages"}],"about":[{"href":"https:\/\/pdricma.com.tr\/en\/wp-json\/wp\/v2\/types\/page"}],"author":[{"embeddable":true,"href":"https:\/\/pdricma.com.tr\/en\/wp-json\/wp\/v2\/users\/1"}],"replies":[{"embeddable":true,"href":"https:\/\/pdricma.com.tr\/en\/wp-json\/wp\/v2\/comments?post=3445"}],"version-history":[{"count":5,"href":"https:\/\/pdricma.com.tr\/en\/wp-json\/wp\/v2\/pages\/3445\/revisions"}],"predecessor-version":[{"id":3450,"href":"https:\/\/pdricma.com.tr\/en\/wp-json\/wp\/v2\/pages\/3445\/revisions\/3450"}],"wp:attachment":[{"href":"https:\/\/pdricma.com.tr\/en\/wp-json\/wp\/v2\/media?parent=3445"}],"curies":[{"name":"wp","href":"https:\/\/api.w.org\/{rel}","templated":true}]}}